{"id":1871,"date":"2020-10-27T15:18:34","date_gmt":"2020-10-27T14:18:34","guid":{"rendered":"https:\/\/test-repaireu.rstrt.org\/?page_id=1871"},"modified":"2021-02-03T09:38:33","modified_gmt":"2021-02-03T08:38:33","slug":"home","status":"publish","type":"page","link":"https:\/\/test-repaireu.rstrt.org\/es\/","title":{"rendered":"Inicio"},"content":{"rendered":"\n<section class=\"block block__cta-strip block__full-width--smaller-screens\" >\n\n\t<div class=\"block__inner block__cta-strip--inner\" >\n\n\t\t<p>\u00bfCu\u00e1nto sabe sobre el derecho a reparar? <a href=\"https:\/\/test-repaireu.rstrt.org\/right-to-repair-why-the-fuss\/\/\"> Haz el test para descubrirlo! <\/a><\/p>\n\n\t<\/div>\t\n\n<\/section>\n\n\n\n\n<section class=\"block block__hero block__full-width \" style=\"background-color: #42389E;\">\n\n\t<div class=\"block__inner block__hero--inner\">\n\n\t\t\n\t\t\t<picture class=\"block__hero--image\">\n\t\t\t\t<source media=\"(min-width: 768px)\" srcset=\"https:\/\/test-repaireu.rstrt.org\/wp-content\/uploads\/2019\/11\/Hero-home-desktop.png\">\n\t\t\t\t<source srcset=\"https:\/\/test-repaireu.rstrt.org\/wp-content\/uploads\/2019\/11\/Hero-home-mobile.png\">\t\t\t\n\t\t\t\t\n\t\t\t\t<img decoding=\"async\" src=\"https:\/\/test-repaireu.rstrt.org\/wp-content\/uploads\/2019\/11\/Hero-home-desktop.png\" alt=\"We believe in the right to repair\">\n\t\t\t<\/picture>\n\n\t\t\t\n\t<\/div>\t\n\n<\/section>\n\n\n\n\n<p><strong>Somos personas, somos reparadoras, somos activistas de sostenibilidad, somos una comunidad. <\/strong><\/p>\n\n\n\n<p>Creemos que los productos deber\u00edan durar m\u00e1s, y que cuando se estropean se tendr\u00edan que poder arreglar. Eso requiere unos productos dise\u00f1ados pensando en la reparaci\u00f3n y un apoyo para todo tipo de reparadores.<\/p>\n\n\n\n<p><strong>Exigimos el derecho a reparar.<\/strong><\/p>\n\n\n\n<figure class=\"wp-block-embed is-type-video is-provider-youtube wp-block-embed-youtube wp-embed-aspect-16-9 wp-has-aspect-ratio\"><div class=\"wp-block-embed__wrapper\">\n<iframe loading=\"lazy\" title=\"Planned obsolescence? It&#039;s gone too far!\" width=\"640\" height=\"360\" src=\"https:\/\/www.youtube.com\/embed\/LFNxyDjrpNE?feature=oembed\" frameborder=\"0\" allow=\"accelerometer; autoplay; clipboard-write; encrypted-media; gyroscope; picture-in-picture; web-share\" referrerpolicy=\"strict-origin-when-cross-origin\" allowfullscreen><\/iframe>\n<\/div><\/figure>\n\n\n\n<section class=\"block block__action-network-form block__full-width bgcolor-green\" id=\"take-action\">\n\n\t<div class=\"block__inner block__action-network-form--inner\">\n\n\t\t\n\t\t\t\t<h2 class=\"block_title block__action-network-form--title\">\u00a1Ves por delante! Ap\u00fantate al movimiento por un derecho universal a reparar<\/h2>\n\n\t\t\t\n\t\t\n\t\t\t\t<div class=\"block__action-network-form--shortcode\">\n\t\t\t\t\t<link href='https:\/\/actionnetwork.org\/css\/style-embed-whitelabel-v3.css' rel='stylesheet' type='text\/css' \/><script src='https:\/\/actionnetwork.org\/widgets\/v3\/form\/apuntate-al-movimiento-por-un-derecho-universal-a-reparar?format=js&#038;source=widget'><\/script><div id='can-form-area-apuntate-al-movimiento-por-un-derecho-universal-a-reparar' style='width: 100%'><!-- this div is the target for our HTML insertion --><\/div>\t\t\t\t<\/div>\n\n\t\t\t\n\t<\/div>\n\n<\/section>\n\n\n\n\n<div class=\"wp-block-cover alignfull bottom-aligned-content eightypercent-screenheight smaller-h3-on-mobile\" style=\"background-image:url(https:\/\/test-repaireu.rstrt.org\/wp-content\/uploads\/2019\/11\/Homepage-who-we-are.jpg)\"><div class=\"wp-block-cover__inner-container is-layout-flow wp-block-cover-is-layout-flow\">\n<div class=\"wp-block-columns is-layout-flex wp-container-core-columns-is-layout-9d6595d7 wp-block-columns-is-layout-flex\">\n<div class=\"wp-block-column is-layout-flow wp-block-column-is-layout-flow\" style=\"flex-basis:66.66%\">\n<h3 class=\"bgcolor-black-opacity50 wp-block-heading\">Somos una coalici\u00f3n de organizaciones europeas que luchan por un cambio de sistema en la reparaci\u00f3n. <\/h3>\n\n\n\n<h3 class=\"bgcolor-black-opacity50 has-white-color has-text-color wp-block-heading\"><a style=\"color: white;\" href=\"https:\/\/test-repaireu.rstrt.org\/join-the-campaign\/\">\u00danete a la campa\u00f1a<\/a><\/h3>\n<\/div>\n\n\n\n<div class=\"wp-block-column is-layout-flow wp-block-column-is-layout-flow\" style=\"flex-basis:33.33%\"><\/div>\n<\/div>\n<\/div><\/div>\n\n\n\n<section class=\"block block__icon-text block__full-width\" style=\"background-color: #42389E;\">\n\n\t<div class=\"block__inner block__icon-text--inner\">\n\n\t\t\n\t\t\t<div class=\"block__icon-text--columns\">\n\n\t\t\t\t\t\t\t\t\t<div class=\"block__icon-text--column\">\n\n\t\t\t\t\t\t<div class=\"block__icon-text--image\">\n\t\t\t\t\t\t\t<img decoding=\"async\" src=\"https:\/\/test-repaireu.rstrt.org\/wp-content\/uploads\/2019\/09\/Broken-phone.png\">\n\t\t\t\t\t\t<\/div>\n\t\t\t\t\t\t\n\t\t\t\t\t\t<div class=\"block__icon-text--text\">\n\t\t\t\t\t\t\tLos residuos electr\u00f3nicos son el flujo de residuos que crece m\u00e1s a escala global; solo se recicla el 15-20%\t\t\t\t\t\t<\/div>\n\n\t\t\t\t\t<\/div>\n\n\t\t\t\t\t\t\t\t\t\t<div class=\"block__icon-text--column\">\n\n\t\t\t\t\t\t<div class=\"block__icon-text--image\">\n\t\t\t\t\t\t\t<img decoding=\"async\" src=\"https:\/\/test-repaireu.rstrt.org\/wp-content\/uploads\/2019\/09\/Frustrated-face.png\">\n\t\t\t\t\t\t<\/div>\n\t\t\t\t\t\t\n\t\t\t\t\t\t<div class=\"block__icon-text--text\">\n\t\t\t\t\t\t\tCada a\u00f1o, se producen 50 millones de toneladas de residuos electr\u00f3nicos. Eso es el equivalente a m\u00e1s de 4.500 torres Eiffel\t\t\t\t\t\t<\/div>\n\n\t\t\t\t\t<\/div>\n\n\t\t\t\t\t\t\t\t\t\t<div class=\"block__icon-text--column\">\n\n\t\t\t\t\t\t<div class=\"block__icon-text--image\">\n\t\t\t\t\t\t\t<img decoding=\"async\" src=\"https:\/\/test-repaireu.rstrt.org\/wp-content\/uploads\/2019\/09\/Happy-face.png\">\n\t\t\t\t\t\t<\/div>\n\t\t\t\t\t\t\n\t\t\t\t\t\t<div class=\"block__icon-text--text\">\n\t\t\t\t\t\t\tLa reparaci\u00f3n local evita los residuos, ahorra CO2ynos alegra la vida\t\t\t\t\t\t<\/div>\n\n\t\t\t\t\t<\/div>\n\n\t\t\t\t\t\t\t\t<\/div>\n\n\t\t\t\t\t\n\t<\/div>\t\n\n<\/section>\n\n\n\n\n<section class=\"block block__icon-text block__full-width\" style=\"background-color: ;\">\n\n\t<div class=\"block__inner block__icon-text--inner\">\n\n\t\t\t\t\n\t<\/div>\t\n\n<\/section>\n\n\n\n\n<section class=\"block block__latest-posts\">\n\n\t\n\t\t\t\t<h2 class=\"block_title block__latest-posts--title\">News<\/h2>\n\n\t\t\t\n<article class=\"block__latest-posts--teaser\">\n\n\t<div class=\"block__latest-posts--image\">\n\t\t<a href=\"https:\/\/test-repaireu.rstrt.org\/es\/news\/a-comprehensive-overview-of-the-current-repair-incentive-systems-repair-funds-and-vouchers\/\" class=\"post__teaser-image-link\">\n\t\t\t\t\t<\/a>\n\t<\/div>\n\n\t<div class=\"block__latest-posts--details\">\n\n\t\t18 marzo 2024\n\t\t<a class=\"block__latest-posts--link\" href=\"https:\/\/test-repaireu.rstrt.org\/es\/news\/a-comprehensive-overview-of-the-current-repair-incentive-systems-repair-funds-and-vouchers\/\">\n\t\t\t<h3 class=\"block__latest-posts--teaser-title post__teaser-title\">A comprehensive overview of the current repair incentive systems: repair funds and vouchers<\/h3>\n\t\t<\/a>\n\n\t\t<div class=\"block__latest-posts--excerpt\">\n\n\t\t\t<p>Blog post by Katrin Meyer (Runder Tisch Reparatur), and Magdolna Moln\u00e1r (BTU Cottbus) Everyone is talking about the repair vouchers \u00abSaving resources should pay off!\u00bb Last year over 71,000 people, together with the Runder Tisch Reparatur, the Inkota Network, and many other supporting organizations, demanded a repair voucher from the German federal government. In order &hellip; <\/p>\n<p class=\"link-more\"><a href=\"https:\/\/test-repaireu.rstrt.org\/es\/news\/a-comprehensive-overview-of-the-current-repair-incentive-systems-repair-funds-and-vouchers\/\" class=\"more-link\">Seguir leyendo<span class=\"screen-reader-text\"> \u00abA comprehensive overview of the current repair incentive systems: repair funds and vouchers\u00bb<\/span><\/a><\/p>\n\n\t\t<\/div>\n\n\t<\/div>\n\n<\/article>\n\n<article class=\"block__latest-posts--teaser\">\n\n\t<div class=\"block__latest-posts--image\">\n\t\t<a href=\"https:\/\/test-repaireu.rstrt.org\/es\/news\/what-if-all-electronics-lasted-at-least-10-years\/\" class=\"post__teaser-image-link\">\n\t\t\t<img loading=\"lazy\" decoding=\"async\" width=\"700\" height=\"440\" src=\"https:\/\/test-repaireu.rstrt.org\/wp-content\/uploads\/2021\/10\/10-year-smartphone@2x-700x440.png\" class=\"attachment-rtr-post-teaser-img size-rtr-post-teaser-img wp-post-image\" alt=\"\" sizes=\"auto, (max-width: 34.9rem) calc(100vw - 2rem), (max-width: 53rem) calc(8 * (100vw \/ 12)), (min-width: 53rem) calc(6 * (100vw \/ 12)), 100vw\" \/>\t\t<\/a>\n\t<\/div>\n\n\t<div class=\"block__latest-posts--details\">\n\n\t\t11 octubre 2021\n\t\t<a class=\"block__latest-posts--link\" href=\"https:\/\/test-repaireu.rstrt.org\/es\/news\/what-if-all-electronics-lasted-at-least-10-years\/\">\n\t\t\t<h3 class=\"block__latest-posts--teaser-title post__teaser-title\">What if all electronics lasted at least 10 years?<\/h3>\n\t\t<\/a>\n\n\t\t<div class=\"block__latest-posts--excerpt\">\n\n\t\t\t<p>Tired of changing phones every 2 to 3 years? What if they lasted 10 instead?<\/p>\n<p>Read more about our latest #10YearPhone campaign asking Europe to be a true leader, and ensure that every new smartphone put on the market lasts for at least 10 years.<\/p>\n\n\t\t<\/div>\n\n\t<\/div>\n\n<\/article>\n\n<article class=\"block__latest-posts--teaser\">\n\n\t<div class=\"block__latest-posts--image\">\n\t\t<a href=\"https:\/\/test-repaireu.rstrt.org\/es\/news\/the-new-iphone-13-comes-with-bad-news-for-third-party-repairs\/\" class=\"post__teaser-image-link\">\n\t\t\t<img loading=\"lazy\" decoding=\"async\" width=\"700\" height=\"440\" src=\"https:\/\/test-repaireu.rstrt.org\/wp-content\/uploads\/2020\/07\/Apple_iPhone_cracked_glass_cover-700x440.jpg\" class=\"attachment-rtr-post-teaser-img size-rtr-post-teaser-img wp-post-image\" alt=\"\" sizes=\"auto, (max-width: 34.9rem) calc(100vw - 2rem), (max-width: 53rem) calc(8 * (100vw \/ 12)), (min-width: 53rem) calc(6 * (100vw \/ 12)), 100vw\" \/>\t\t<\/a>\n\t<\/div>\n\n\t<div class=\"block__latest-posts--details\">\n\n\t\t29 septiembre 2021\n\t\t<a class=\"block__latest-posts--link\" href=\"https:\/\/test-repaireu.rstrt.org\/es\/news\/the-new-iphone-13-comes-with-bad-news-for-third-party-repairs\/\">\n\t\t\t<h3 class=\"block__latest-posts--teaser-title post__teaser-title\">The new Iphone 13 comes with bad news for independent repair<\/h3>\n\t\t<\/a>\n\n\t\t<div class=\"block__latest-posts--excerpt\">\n\n\t\t\t<p>Apple is notorious for its expensive official repairs, for the many limitations to its supply of spare parts to independent repairers and &#8211; increasingly &#8211; for the use of software as a barrier to repair.<\/p>\n<p> The new iPhone 13 is no exception.<\/p>\n\n\t\t<\/div>\n\n\t<\/div>\n\n<\/article>\n\n\t<p style=\"margin: 3rem auto; text-align: center\"><a href=\"\/news\"><button>Read more news updates<\/button><\/a><\/p>\n\n<\/section>\n\n","protected":false},"excerpt":{"rendered":"<p>Somos personas, somos reparadoras, somos activistas de sostenibilidad, somos una comunidad. Creemos que los productos deber\u00edan durar m\u00e1s, y que cuando se estropean se tendr\u00edan que poder arreglar. Eso requiere unos productos dise\u00f1ados pensando en la reparaci\u00f3n y un apoyo para todo tipo de reparadores. Exigimos el derecho a reparar.<\/p>\n","protected":false},"author":2,"featured_media":0,"parent":0,"menu_order":0,"comment_status":"closed","ping_status":"closed","template":"","meta":{"_acf_changed":false,"footnotes":""},"class_list":["post-1871","page","type-page","status-publish","hentry","entry"],"acf":[],"yoast_head":"<!-- This site is optimized with the Yoast SEO plugin v24.9 - https:\/\/yoast.com\/wordpress\/plugins\/seo\/ -->\n<title>Inicio - Right to Repair Europe<\/title>\n<meta name=\"robots\" content=\"noindex, follow, max-snippet:-1, max-image-preview:large, max-video-preview:-1\" \/>\n<meta property=\"og:locale\" content=\"es_ES\" \/>\n<meta property=\"og:type\" content=\"article\" \/>\n<meta property=\"og:title\" content=\"Inicio - Right to Repair Europe\" \/>\n<meta property=\"og:description\" content=\"Somos personas, somos reparadoras, somos activistas de sostenibilidad, somos una comunidad. Creemos que los productos deber\u00edan durar m\u00e1s, y que cuando se estropean se tendr\u00edan que poder arreglar. Eso requiere unos productos dise\u00f1ados pensando en la reparaci\u00f3n y un apoyo para todo tipo de reparadores. Exigimos el derecho a reparar.\" \/>\n<meta property=\"og:url\" content=\"https:\/\/test-repaireu.rstrt.org\/es\/\" \/>\n<meta property=\"og:site_name\" content=\"Right to Repair Europe\" \/>\n<meta property=\"article:publisher\" content=\"https:\/\/www.facebook.com\/righttorepaireurope\/\" \/>\n<meta property=\"article:modified_time\" content=\"2021-02-03T08:38:33+00:00\" \/>\n<meta property=\"og:image\" content=\"https:\/\/test-repaireu.rstrt.org\/wp-content\/uploads\/2019\/09\/R2RFacebookImage.png\" \/>\n\t<meta property=\"og:image:width\" content=\"1200\" \/>\n\t<meta property=\"og:image:height\" content=\"630\" \/>\n\t<meta property=\"og:image:type\" content=\"image\/png\" \/>\n<meta name=\"twitter:card\" content=\"summary_large_image\" \/>\n<meta name=\"twitter:site\" content=\"@R2REurope\" \/>\n<script type=\"application\/ld+json\" class=\"yoast-schema-graph\">{\"@context\":\"https:\/\/schema.org\",\"@graph\":[{\"@type\":\"WebPage\",\"@id\":\"https:\/\/test-repaireu.rstrt.org\/es\/\",\"url\":\"https:\/\/test-repaireu.rstrt.org\/es\/\",\"name\":\"Inicio - Right to Repair Europe\",\"isPartOf\":{\"@id\":\"https:\/\/test-repaireu.rstrt.org\/es\/#website\"},\"datePublished\":\"2020-10-27T14:18:34+00:00\",\"dateModified\":\"2021-02-03T08:38:33+00:00\",\"breadcrumb\":{\"@id\":\"https:\/\/test-repaireu.rstrt.org\/es\/#breadcrumb\"},\"inLanguage\":\"es\",\"potentialAction\":[{\"@type\":\"ReadAction\",\"target\":[\"https:\/\/test-repaireu.rstrt.org\/es\/\"]}]},{\"@type\":\"BreadcrumbList\",\"@id\":\"https:\/\/test-repaireu.rstrt.org\/es\/#breadcrumb\",\"itemListElement\":[{\"@type\":\"ListItem\",\"position\":1,\"name\":\"Home\",\"item\":\"https:\/\/test-repaireu.rstrt.org\/es\/\"},{\"@type\":\"ListItem\",\"position\":2,\"name\":\"Inicio\"}]},{\"@type\":\"WebSite\",\"@id\":\"https:\/\/test-repaireu.rstrt.org\/es\/#website\",\"url\":\"https:\/\/test-repaireu.rstrt.org\/es\/\",\"name\":\"Right to Repair Europe\",\"description\":\"\",\"publisher\":{\"@id\":\"https:\/\/test-repaireu.rstrt.org\/es\/#organization\"},\"potentialAction\":[{\"@type\":\"SearchAction\",\"target\":{\"@type\":\"EntryPoint\",\"urlTemplate\":\"https:\/\/test-repaireu.rstrt.org\/es\/?s={search_term_string}\"},\"query-input\":{\"@type\":\"PropertyValueSpecification\",\"valueRequired\":true,\"valueName\":\"search_term_string\"}}],\"inLanguage\":\"es\"},{\"@type\":\"Organization\",\"@id\":\"https:\/\/test-repaireu.rstrt.org\/es\/#organization\",\"name\":\"Right to Repair Europe\",\"url\":\"https:\/\/test-repaireu.rstrt.org\/es\/\",\"logo\":{\"@type\":\"ImageObject\",\"inLanguage\":\"es\",\"@id\":\"https:\/\/test-repaireu.rstrt.org\/es\/#\/schema\/logo\/image\/\",\"url\":\"https:\/\/test-repaireu.rstrt.org\/wp-content\/uploads\/2019\/09\/R2REurope.png\",\"contentUrl\":\"https:\/\/test-repaireu.rstrt.org\/wp-content\/uploads\/2019\/09\/R2REurope.png\",\"width\":320,\"height\":320,\"caption\":\"Right to Repair Europe\"},\"image\":{\"@id\":\"https:\/\/test-repaireu.rstrt.org\/es\/#\/schema\/logo\/image\/\"},\"sameAs\":[\"https:\/\/www.facebook.com\/righttorepaireurope\/\",\"https:\/\/x.com\/R2REurope\",\"https:\/\/www.instagram.com\/R2REurope\/\"]}]}<\/script>\n<!-- \/ Yoast SEO plugin. -->","yoast_head_json":{"title":"Inicio - Right to Repair Europe","robots":{"index":"noindex","follow":"follow","max-snippet":"max-snippet:-1","max-image-preview":"max-image-preview:large","max-video-preview":"max-video-preview:-1"},"og_locale":"es_ES","og_type":"article","og_title":"Inicio - Right to Repair Europe","og_description":"Somos personas, somos reparadoras, somos activistas de sostenibilidad, somos una comunidad. Creemos que los productos deber\u00edan durar m\u00e1s, y que cuando se estropean se tendr\u00edan que poder arreglar. Eso requiere unos productos dise\u00f1ados pensando en la reparaci\u00f3n y un apoyo para todo tipo de reparadores. Exigimos el derecho a reparar.","og_url":"https:\/\/test-repaireu.rstrt.org\/es\/","og_site_name":"Right to Repair Europe","article_publisher":"https:\/\/www.facebook.com\/righttorepaireurope\/","article_modified_time":"2021-02-03T08:38:33+00:00","og_image":[{"width":1200,"height":630,"url":"https:\/\/test-repaireu.rstrt.org\/wp-content\/uploads\/2019\/09\/R2RFacebookImage.png","type":"image\/png"}],"twitter_card":"summary_large_image","twitter_site":"@R2REurope","schema":{"@context":"https:\/\/schema.org","@graph":[{"@type":"WebPage","@id":"https:\/\/test-repaireu.rstrt.org\/es\/","url":"https:\/\/test-repaireu.rstrt.org\/es\/","name":"Inicio - Right to Repair Europe","isPartOf":{"@id":"https:\/\/test-repaireu.rstrt.org\/es\/#website"},"datePublished":"2020-10-27T14:18:34+00:00","dateModified":"2021-02-03T08:38:33+00:00","breadcrumb":{"@id":"https:\/\/test-repaireu.rstrt.org\/es\/#breadcrumb"},"inLanguage":"es","potentialAction":[{"@type":"ReadAction","target":["https:\/\/test-repaireu.rstrt.org\/es\/"]}]},{"@type":"BreadcrumbList","@id":"https:\/\/test-repaireu.rstrt.org\/es\/#breadcrumb","itemListElement":[{"@type":"ListItem","position":1,"name":"Home","item":"https:\/\/test-repaireu.rstrt.org\/es\/"},{"@type":"ListItem","position":2,"name":"Inicio"}]},{"@type":"WebSite","@id":"https:\/\/test-repaireu.rstrt.org\/es\/#website","url":"https:\/\/test-repaireu.rstrt.org\/es\/","name":"Right to Repair Europe","description":"","publisher":{"@id":"https:\/\/test-repaireu.rstrt.org\/es\/#organization"},"potentialAction":[{"@type":"SearchAction","target":{"@type":"EntryPoint","urlTemplate":"https:\/\/test-repaireu.rstrt.org\/es\/?s={search_term_string}"},"query-input":{"@type":"PropertyValueSpecification","valueRequired":true,"valueName":"search_term_string"}}],"inLanguage":"es"},{"@type":"Organization","@id":"https:\/\/test-repaireu.rstrt.org\/es\/#organization","name":"Right to Repair Europe","url":"https:\/\/test-repaireu.rstrt.org\/es\/","logo":{"@type":"ImageObject","inLanguage":"es","@id":"https:\/\/test-repaireu.rstrt.org\/es\/#\/schema\/logo\/image\/","url":"https:\/\/test-repaireu.rstrt.org\/wp-content\/uploads\/2019\/09\/R2REurope.png","contentUrl":"https:\/\/test-repaireu.rstrt.org\/wp-content\/uploads\/2019\/09\/R2REurope.png","width":320,"height":320,"caption":"Right to Repair Europe"},"image":{"@id":"https:\/\/test-repaireu.rstrt.org\/es\/#\/schema\/logo\/image\/"},"sameAs":["https:\/\/www.facebook.com\/righttorepaireurope\/","https:\/\/x.com\/R2REurope","https:\/\/www.instagram.com\/R2REurope\/"]}]}},"_links":{"self":[{"href":"https:\/\/test-repaireu.rstrt.org\/es\/wp-json\/wp\/v2\/pages\/1871","targetHints":{"allow":["GET"]}}],"collection":[{"href":"https:\/\/test-repaireu.rstrt.org\/es\/wp-json\/wp\/v2\/pages"}],"about":[{"href":"https:\/\/test-repaireu.rstrt.org\/es\/wp-json\/wp\/v2\/types\/page"}],"author":[{"embeddable":true,"href":"https:\/\/test-repaireu.rstrt.org\/es\/wp-json\/wp\/v2\/users\/2"}],"replies":[{"embeddable":true,"href":"https:\/\/test-repaireu.rstrt.org\/es\/wp-json\/wp\/v2\/comments?post=1871"}],"version-history":[{"count":9,"href":"https:\/\/test-repaireu.rstrt.org\/es\/wp-json\/wp\/v2\/pages\/1871\/revisions"}],"predecessor-version":[{"id":2407,"href":"https:\/\/test-repaireu.rstrt.org\/es\/wp-json\/wp\/v2\/pages\/1871\/revisions\/2407"}],"wp:attachment":[{"href":"https:\/\/test-repaireu.rstrt.org\/es\/wp-json\/wp\/v2\/media?parent=1871"}],"curies":[{"name":"wp","href":"https:\/\/api.w.org\/{rel}","templated":true}]}}